{"id":4007,"date":"2011-10-29T20:13:12","date_gmt":"2011-10-29T18:13:12","guid":{"rendered":"http:\/\/greenrosefaire.com\/?page_id=4007"},"modified":"2013-12-18T20:15:07","modified_gmt":"2013-12-18T18:15:07","slug":"medieval-folk-fest-ii","status":"publish","type":"page","link":"https:\/\/greenrosefaire.com\/en\/medieval-folk-fest-ii\/","title":{"rendered":"Medieval Folk Fest II"},"content":{"rendered":"<p><img fetchpriority=\"high\" decoding=\"async\" src=\"http:\/\/greenrosefaire.com\/wp-content\/uploads\/folkfest-logo11.png\" alt=\"\" title=\"Medieval Folk Fest 2011\" width=\"550\" height=\"216\" class=\"aligncenter size-full wp-image-3378\" \/><\/p>\n<p><strong>update:<\/strong> Medieval Folk Fest III will be held in Summer 2014. We&#8217;re still searching for the final few performers.<\/p>\n<h1>Tampere Stable Yards, Sat 9.7.2011<\/h1>\n<p>&nbsp;<\/p>\n<p>The second annual Medieval Folk Fest was held in July at Tampere <a href=\"http:\/\/tallipiha.fi\/frontpage.html\">Stable Yards<\/a>. The free event ran successfully with up-beat music and all the usual attractions of the Stable Yards, and hardly any rain at all.<\/p>\n<h2>Schedule<\/h2>\n<blockquote><p>12 <a href=\"http:\/\/www.myspace.com\/harkatienleikarit\">H\u00e4rk\u00e4tien leikarit<\/a><br \/>\n13 <a href=\"http:\/\/www.myspace.com\/lemuriaorkesteri\">Lemuria<\/a><br \/>\n14 <a href=\"http:\/\/www.myspace.com\/jharys\">Jhary&#8217;s<\/a><br \/>\n15 <a href=\"http:\/\/greenrosefaire.com\/\">Greenrose Faire<\/a><\/p><\/blockquote>\n<h2>Performers<\/h2>\n<p><img decoding=\"async\" src=\"http:\/\/greenrosefaire.com\/wp-content\/uploads\/grf_web.jpg\" style=\"float: right;\" alt=\"\" title=\"photo: Raisa Suuronen\" width=\"300\" height=\"225\" class=\"alignleft size-full wp-image-3018\" \/><\/p>\n<p><b>Greenrose Faire<\/b> plays jaunty medieval\/renaissance\/celtic influenced pop rock that takes the listeners on a journey from old forests to rowdy taverns via the old village road. The band was founded in 2008 in Tampere, Finland, and their first full-length album will be released this September.<\/p>\n<p><a href=\"http:\/\/greenrosefaire.com\/\">www.greenrosefaire.com<\/a><br \/>\n<a href=\"http:\/\/myspace.com\/greenrosefaire\">myspace.com\/greenrosefaire<\/a><\/p>\n<p><img decoding=\"async\" class=\"aligncenter size-full wp-image-2341\" style=\"float: right;\" title=\"Jhary's trio\" src=\"http:\/\/greenrosefaire.com\/wp-content\/uploads\/jharys_thumb.jpg\" alt=\"\" width=\"200\" height=\"277\" \/><\/p>\n<p><b>Jhary&#8217;s trio<\/b> is an ensemble of three talented gentlemen playing celtic music. The singer and guitarist Jari Sirni\u00f6 has picked up celtic influences on his travels to Ireland and Scotland. The violin and mandolin are handled by Jukka Vesalainen, an established folk musician whose fingers &#8211; or kilt &#8211; rarely tremble.<br \/>\nRich Raja-aho, kidnapped to Finnish folk circles from Newcastle, taps and raps his bodhran drum, but also sings and plays the tin whistle.<\/p>\n<p><a href=\"http:\/\/jarie.com\/\">www.jarie.com<\/a><br \/>\n<a href=\"http:\/\/www.myspace.com\/jharys\">myspace.com\/jharys<\/a><\/p>\n<p><img loading=\"lazy\" decoding=\"async\" alt=\"\" src=\"http:\/\/www.lemuria.fi\/bio\/kuvat\/lemuria2011.jpg\" title=\"photo: Pauli Borodulin\" class=\"alignright\" width=\"185\" height=\"277\" style=\"float: right;\" \/><\/p>\n<p><b>Lemuria<\/b> is a folk rock band from Tampere, founded in 2001. Lemuria is grounds its music in the folk rock tradition, but is not afraid to draw influences from Finnish traditional and &#8220;iskelm\u00e4&#8221; music, disco, soul, and classical music.<\/p>\n<p>Lemuria has just finished recording an album with 11 songs.<\/p>\n<p><a href=\"http:\/\/www.lemuria.fi\/\">www.lemuria.fi<\/a><br \/>\n<a href=\"http:\/\/www.myspace.com\/lemuriaorkesteri\">myspace.com\/lemuriaorkesteri<\/a><\/p>\n<p><img loading=\"lazy\" decoding=\"async\" src=\"http:\/\/greenrosefaire.com\/wp-content\/uploads\/H\u00e4rk\u00e4tien-Leikarit_330.jpg\" alt=\"\" title=\"photo: Aleksi Rintala\" width=\"330\" height=\"281\" class=\"alignright size-full wp-image-3371\" style=\"float: right\"\/><\/p>\n<p><b>H\u00e4rk\u00e4tien leikarit<\/b> plays medieval market music from all round the Europe, taking you on a musical journey from the Ox Road to Flanders, France and Italy. H\u00e4rk\u00e4tien Leikarit has preformed widely in private occasions as well as the medieval faires in Turku, H\u00e4meenlinna, Hollola and Tallinn.<\/p>\n<p><a href=\"http:\/\/koti.aina.net\/~harkatienleikarit\/\">koti.aina.net\/~harkatienleikarit\/<\/a><br \/>\n<a href=\"http:\/\/www.myspace.com\/harkatienleikarit\">myspace.com\/harkatienleikarit<\/a><\/p>\n<h2>Also joining the festivities:<\/h2>\n<p><a href=\"http:\/\/www.tallipiha.fi\/\"><img loading=\"lazy\" decoding=\"async\" src=\"http:\/\/greenrosefaire.com\/wp-content\/uploads\/tallipiha.png\" alt=\"\" title=\"Tallipiha\" width=\"90\" height=\"90\" class=\"alignleft size-full wp-image-3492\" \/><\/a> <a href=\"http:\/\/www.keskiaikamarkkinat.net\/\"><img loading=\"lazy\" decoding=\"async\" src=\"http:\/\/greenrosefaire.com\/wp-content\/uploads\/hameelinna.png\" alt=\"\" title=\"H\u00e4meen linnan keskiaikayhdistys\" width=\"85\" height=\"90\" class=\"alignleft size-full wp-image-3488\" \/><\/a> <a href=\"http:\/\/www.titania.fi\/\"><img loading=\"lazy\" decoding=\"async\" src=\"http:\/\/greenrosefaire.com\/wp-content\/uploads\/titania-150x90.png\" alt=\"\" title=\"Titania\" width=\"150\" height=\"90\" class=\"alignleft size-thumbnail wp-image-3491\" \/><\/a> <a href=\"http:\/\/www.juliaananpaja.fi\"><img loading=\"lazy\" decoding=\"async\" src=\"http:\/\/greenrosefaire.com\/wp-content\/uploads\/juliaana.png\" alt=\"\" title=\"Juliaanan paja\" width=\"83\" height=\"90\" class=\"alignleft size-full wp-image-3489\" \/><\/a> <a href=\"http:\/\/www.ajankoru.fi\/\"><img loading=\"lazy\" decoding=\"async\" src=\"http:\/\/greenrosefaire.com\/wp-content\/uploads\/ajankoru1.png\" alt=\"\" title=\"Ajan koru\" width=\"201\" height=\"60\" class=\"alignleft size-full wp-image-3493\" \/><\/a> <a href=\"http:\/\/www.carla.fi\/\"><img loading=\"lazy\" decoding=\"async\" src=\"http:\/\/greenrosefaire.com\/wp-content\/uploads\/carla.jpg\" alt=\"\" title=\"Carla Country Cottage\" width=\"396\" height=\"65\" class=\"alignleft size-full wp-image-3531\" \/><\/a><\/p>\n<hr \/>\n<p>&nbsp;<\/p>\n<h2>Contact<\/h2>\n<p>info(a)medievalfolk.com, Tomi Hyttinen tel. 040\u20135454208<\/p>\n<h2>Memories from 2010&#8230;<\/h2>\n<p><span class=\"embed-youtube\" style=\"text-align:center; display: block;\"><iframe class=\"youtube-player\" width=\"900\" height=\"507\" src=\"https:\/\/www.youtube.com\/embed\/v3RtKwQTE7Q?version=3&#038;rel=1&#038;showsearch=0&#038;showinfo=1&#038;iv_load_policy=1&#038;fs=1&#038;hl=en-US&#038;autohide=2&#038;wmode=transparent\" allowfullscreen=\"true\" style=\"border:0;\" sandbox=\"allow-scripts allow-same-origin allow-popups allow-presentation allow-popups-to-escape-sandbox\"><\/iframe><\/span><\/p>\n<p><span class=\"embed-youtube\" style=\"text-align:center; display: block;\"><iframe class=\"youtube-player\" width=\"900\" height=\"507\" src=\"https:\/\/www.youtube.com\/embed\/-_5BNhK9biU?version=3&#038;rel=1&#038;showsearch=0&#038;showinfo=1&#038;iv_load_policy=1&#038;fs=1&#038;hl=en-US&#038;autohide=2&#038;wmode=transparent\" allowfullscreen=\"true\" style=\"border:0;\" sandbox=\"allow-scripts allow-same-origin allow-popups allow-presentation allow-popups-to-escape-sandbox\"><\/iframe><\/span><\/p>\n<p>&nbsp;<\/p>\n<hr \/>\n<h2>Thanks to<\/h2>\n<p><a href=\"http:\/\/www.vehy.fi\/\"><img loading=\"lazy\" decoding=\"async\" src=\"http:\/\/greenrosefaire.com\/wp-content\/uploads\/vehy161x90.png\" alt=\"\" title=\"Perussiivous Vehmaa &amp; Hyttinen\" width=\"161\" height=\"90\" class=\"alignleft size-full wp-image-3486\" \/><\/a><a href=\"http:\/\/www.tampere.fi\/kulttuuri\/\"><img loading=\"lazy\" decoding=\"async\" src=\"http:\/\/greenrosefaire.com\/wp-content\/uploads\/kutologov.gif\" alt=\"\" title=\"Tampereen kaupungin kulttuuritoimi\" width=\"50\" height=\"89\" class=\"alignleft size-full wp-image-3485\" \/><\/a><\/p>\n<p>updated 22.7.2011<\/p>\n","protected":false},"excerpt":{"rendered":"<p>update: Medieval Folk Fest III will be held in Summer 2014. We&#8217;re still searching for the final few performers. Tampere Stable Yards, Sat 9.7.2011 &nbsp; The second annual Medieval Folk Fest was held in July at Tampere Stable Yards. The&#8230;<\/p>\n","protected":false},"author":1,"featured_media":0,"parent":0,"menu_order":0,"comment_status":"closed","ping_status":"closed","template":"template-onecolumn.php","meta":{"cybocfi_hide_featured_image":"","footnotes":""},"class_list":["post-4007","page","type-page","status-publish","hentry"],"yoast_head":"<!-- This site is optimized with the Yoast SEO plugin v27.4 - https:\/\/yoast.com\/product\/yoast-seo-wordpress\/ -->\n<title>Greenrose Faire - Medieval Folk Fest II<\/title>\n<meta name=\"robots\" content=\"index, follow, max-snippet:-1, max-image-preview:large, max-video-preview:-1\" \/>\n<link rel=\"canonical\" href=\"https:\/\/greenrosefaire.com\/en\/medieval-folk-fest-ii\/\" \/>\n<meta property=\"og:locale\" content=\"en_US\" \/>\n<meta property=\"og:type\" content=\"article\" \/>\n<meta property=\"og:title\" content=\"Greenrose Faire - Medieval Folk Fest II\" \/>\n<meta property=\"og:description\" content=\"update: Medieval Folk Fest III will be held in Summer 2014. We&#8217;re still searching for the final few performers. Tampere Stable Yards, Sat 9.7.2011 &nbsp; The second annual Medieval Folk Fest was held in July at Tampere Stable Yards. The...\" \/>\n<meta property=\"og:url\" content=\"https:\/\/greenrosefaire.com\/en\/medieval-folk-fest-ii\/\" \/>\n<meta property=\"og:site_name\" content=\"Greenrose Faire\" \/>\n<meta property=\"article:publisher\" content=\"https:\/\/www.facebook.com\/greenrosefaire\/\" \/>\n<meta property=\"article:modified_time\" content=\"2013-12-18T18:15:07+00:00\" \/>\n<meta property=\"og:image\" content=\"http:\/\/greenrosefaire.com\/wp-content\/uploads\/folkfest-logo11.png\" \/>\n<meta name=\"twitter:label1\" content=\"Est. reading time\" \/>\n\t<meta name=\"twitter:data1\" content=\"2 minutes\" \/>\n<script type=\"application\/ld+json\" class=\"yoast-schema-graph\">{\"@context\":\"https:\\\/\\\/schema.org\",\"@graph\":[{\"@type\":\"WebPage\",\"@id\":\"https:\\\/\\\/greenrosefaire.com\\\/en\\\/medieval-folk-fest-ii\\\/\",\"url\":\"https:\\\/\\\/greenrosefaire.com\\\/en\\\/medieval-folk-fest-ii\\\/\",\"name\":\"Greenrose Faire - Medieval Folk Fest II\",\"isPartOf\":{\"@id\":\"https:\\\/\\\/greenrosefaire.com\\\/en\\\/#website\"},\"primaryImageOfPage\":{\"@id\":\"https:\\\/\\\/greenrosefaire.com\\\/en\\\/medieval-folk-fest-ii\\\/#primaryimage\"},\"image\":{\"@id\":\"https:\\\/\\\/greenrosefaire.com\\\/en\\\/medieval-folk-fest-ii\\\/#primaryimage\"},\"thumbnailUrl\":\"http:\\\/\\\/greenrosefaire.com\\\/wp-content\\\/uploads\\\/folkfest-logo11.png\",\"datePublished\":\"2011-10-29T18:13:12+00:00\",\"dateModified\":\"2013-12-18T18:15:07+00:00\",\"inLanguage\":\"en-US\",\"potentialAction\":[{\"@type\":\"ReadAction\",\"target\":[\"https:\\\/\\\/greenrosefaire.com\\\/en\\\/medieval-folk-fest-ii\\\/\"]}]},{\"@type\":\"ImageObject\",\"inLanguage\":\"en-US\",\"@id\":\"https:\\\/\\\/greenrosefaire.com\\\/en\\\/medieval-folk-fest-ii\\\/#primaryimage\",\"url\":\"http:\\\/\\\/greenrosefaire.com\\\/wp-content\\\/uploads\\\/folkfest-logo11.png\",\"contentUrl\":\"http:\\\/\\\/greenrosefaire.com\\\/wp-content\\\/uploads\\\/folkfest-logo11.png\"},{\"@type\":\"WebSite\",\"@id\":\"https:\\\/\\\/greenrosefaire.com\\\/en\\\/#website\",\"url\":\"https:\\\/\\\/greenrosefaire.com\\\/en\\\/\",\"name\":\"Greenrose Faire\",\"description\":\"Official website\",\"publisher\":{\"@id\":\"https:\\\/\\\/greenrosefaire.com\\\/en\\\/#organization\"},\"potentialAction\":[{\"@type\":\"SearchAction\",\"target\":{\"@type\":\"EntryPoint\",\"urlTemplate\":\"https:\\\/\\\/greenrosefaire.com\\\/en\\\/?s={search_term_string}\"},\"query-input\":{\"@type\":\"PropertyValueSpecification\",\"valueRequired\":true,\"valueName\":\"search_term_string\"}}],\"inLanguage\":\"en-US\"},{\"@type\":\"Organization\",\"@id\":\"https:\\\/\\\/greenrosefaire.com\\\/en\\\/#organization\",\"name\":\"Greenrose Faire\",\"url\":\"https:\\\/\\\/greenrosefaire.com\\\/en\\\/\",\"logo\":{\"@type\":\"ImageObject\",\"inLanguage\":\"en-US\",\"@id\":\"https:\\\/\\\/greenrosefaire.com\\\/en\\\/#\\\/schema\\\/logo\\\/image\\\/\",\"url\":\"https:\\\/\\\/greenrosefaire.com\\\/wp-content\\\/uploads\\\/grf_ruusulakana_versio4.jpg\",\"contentUrl\":\"https:\\\/\\\/greenrosefaire.com\\\/wp-content\\\/uploads\\\/grf_ruusulakana_versio4.jpg\",\"width\":800,\"height\":800,\"caption\":\"Greenrose Faire\"},\"image\":{\"@id\":\"https:\\\/\\\/greenrosefaire.com\\\/en\\\/#\\\/schema\\\/logo\\\/image\\\/\"},\"sameAs\":[\"https:\\\/\\\/www.facebook.com\\\/greenrosefaire\\\/\",\"https:\\\/\\\/www.instagram.com\\\/greenrosefaireofficial\\\/\",\"https:\\\/\\\/www.youtube.com\\\/user\\\/greenrosefaire\"]}]}<\/script>\n<!-- \/ Yoast SEO plugin. -->","yoast_head_json":{"title":"Greenrose Faire - Medieval Folk Fest II","robots":{"index":"index","follow":"follow","max-snippet":"max-snippet:-1","max-image-preview":"max-image-preview:large","max-video-preview":"max-video-preview:-1"},"canonical":"https:\/\/greenrosefaire.com\/en\/medieval-folk-fest-ii\/","og_locale":"en_US","og_type":"article","og_title":"Greenrose Faire - Medieval Folk Fest II","og_description":"update: Medieval Folk Fest III will be held in Summer 2014. We&#8217;re still searching for the final few performers. Tampere Stable Yards, Sat 9.7.2011 &nbsp; The second annual Medieval Folk Fest was held in July at Tampere Stable Yards. The...","og_url":"https:\/\/greenrosefaire.com\/en\/medieval-folk-fest-ii\/","og_site_name":"Greenrose Faire","article_publisher":"https:\/\/www.facebook.com\/greenrosefaire\/","article_modified_time":"2013-12-18T18:15:07+00:00","og_image":[{"url":"http:\/\/greenrosefaire.com\/wp-content\/uploads\/folkfest-logo11.png","type":"","width":"","height":""}],"twitter_misc":{"Est. reading time":"2 minutes"},"schema":{"@context":"https:\/\/schema.org","@graph":[{"@type":"WebPage","@id":"https:\/\/greenrosefaire.com\/en\/medieval-folk-fest-ii\/","url":"https:\/\/greenrosefaire.com\/en\/medieval-folk-fest-ii\/","name":"Greenrose Faire - Medieval Folk Fest II","isPartOf":{"@id":"https:\/\/greenrosefaire.com\/en\/#website"},"primaryImageOfPage":{"@id":"https:\/\/greenrosefaire.com\/en\/medieval-folk-fest-ii\/#primaryimage"},"image":{"@id":"https:\/\/greenrosefaire.com\/en\/medieval-folk-fest-ii\/#primaryimage"},"thumbnailUrl":"http:\/\/greenrosefaire.com\/wp-content\/uploads\/folkfest-logo11.png","datePublished":"2011-10-29T18:13:12+00:00","dateModified":"2013-12-18T18:15:07+00:00","inLanguage":"en-US","potentialAction":[{"@type":"ReadAction","target":["https:\/\/greenrosefaire.com\/en\/medieval-folk-fest-ii\/"]}]},{"@type":"ImageObject","inLanguage":"en-US","@id":"https:\/\/greenrosefaire.com\/en\/medieval-folk-fest-ii\/#primaryimage","url":"http:\/\/greenrosefaire.com\/wp-content\/uploads\/folkfest-logo11.png","contentUrl":"http:\/\/greenrosefaire.com\/wp-content\/uploads\/folkfest-logo11.png"},{"@type":"WebSite","@id":"https:\/\/greenrosefaire.com\/en\/#website","url":"https:\/\/greenrosefaire.com\/en\/","name":"Greenrose Faire","description":"Official website","publisher":{"@id":"https:\/\/greenrosefaire.com\/en\/#organization"},"potentialAction":[{"@type":"SearchAction","target":{"@type":"EntryPoint","urlTemplate":"https:\/\/greenrosefaire.com\/en\/?s={search_term_string}"},"query-input":{"@type":"PropertyValueSpecification","valueRequired":true,"valueName":"search_term_string"}}],"inLanguage":"en-US"},{"@type":"Organization","@id":"https:\/\/greenrosefaire.com\/en\/#organization","name":"Greenrose Faire","url":"https:\/\/greenrosefaire.com\/en\/","logo":{"@type":"ImageObject","inLanguage":"en-US","@id":"https:\/\/greenrosefaire.com\/en\/#\/schema\/logo\/image\/","url":"https:\/\/greenrosefaire.com\/wp-content\/uploads\/grf_ruusulakana_versio4.jpg","contentUrl":"https:\/\/greenrosefaire.com\/wp-content\/uploads\/grf_ruusulakana_versio4.jpg","width":800,"height":800,"caption":"Greenrose Faire"},"image":{"@id":"https:\/\/greenrosefaire.com\/en\/#\/schema\/logo\/image\/"},"sameAs":["https:\/\/www.facebook.com\/greenrosefaire\/","https:\/\/www.instagram.com\/greenrosefaireofficial\/","https:\/\/www.youtube.com\/user\/greenrosefaire"]}]}},"jetpack_sharing_enabled":true,"_links":{"self":[{"href":"https:\/\/greenrosefaire.com\/en\/wp-json\/wp\/v2\/pages\/4007","targetHints":{"allow":["GET"]}}],"collection":[{"href":"https:\/\/greenrosefaire.com\/en\/wp-json\/wp\/v2\/pages"}],"about":[{"href":"https:\/\/greenrosefaire.com\/en\/wp-json\/wp\/v2\/types\/page"}],"author":[{"embeddable":true,"href":"https:\/\/greenrosefaire.com\/en\/wp-json\/wp\/v2\/users\/1"}],"replies":[{"embeddable":true,"href":"https:\/\/greenrosefaire.com\/en\/wp-json\/wp\/v2\/comments?post=4007"}],"version-history":[{"count":5,"href":"https:\/\/greenrosefaire.com\/en\/wp-json\/wp\/v2\/pages\/4007\/revisions"}],"predecessor-version":[{"id":5019,"href":"https:\/\/greenrosefaire.com\/en\/wp-json\/wp\/v2\/pages\/4007\/revisions\/5019"}],"wp:attachment":[{"href":"https:\/\/greenrosefaire.com\/en\/wp-json\/wp\/v2\/media?parent=4007"}],"curies":[{"name":"wp","href":"https:\/\/api.w.org\/{rel}","templated":true}]}}